{"id":12345,"date":"2016-07-13T10:09:46","date_gmt":"2016-07-13T09:09:46","guid":{"rendered":"http:\/\/www.kissthedesign.ch\/product\/finn-juhl-fauteuil-diplomat-france-son\/?lang=de"},"modified":"2017-01-01T19:05:23","modified_gmt":"2017-01-01T18:05:23","slug":"finn-juhl-sessel-diplomat-france-son","status":"publish","type":"product","link":"https:\/\/www.kissthedesign.ch\/de\/produkt\/finn-juhl-sessel-diplomat-france-son\/","title":{"rendered":"Finn Juhl | Diplomat Sessel| France &#038; Son"},"content":{"rendered":"<div class=\"wpb-content-wrapper\"><p>[vc_row][vc_column][vc_column_text]<\/p>\n<h2>Diplomat Sessel FD 901, Finn Juhl, France &amp; Son, 1961.<\/h2>\n<p>Sessel mit Rahmen aus massivem Teakholz, Sitz mit Originalleder schwarz. Mit Plakette des Herstellers.<\/p>\n<p>Der Rahmen ist in sehr guten vintage Zustand mit einige Gebrauchsspuren. Das Originalleder\u00a0ist\u00a0zum Teil leicht rissig und zerkratzt\u00a0auf dem Sitz und zeigt Gebrauchsspuren auf dem R\u00fccken, es hat aber keine L\u00f6cher und ist\u00a0noch sch\u00f6n weich und gesund.\u00a0Der\u00a0Gesamtzustand bleibt sehr gut.<br \/>\nGr\u00f6\u00dfe: 69 x 53 cm, H 82 cm,\u00a0Sitzh\u00f6he\u00a044 cm.<\/p>\n<p>Finn Juhl (1912-1989) wird als Vorfahrer des d\u00e4nisches Modernismus betrachtet. Seine M\u00f6bel zeigen organische Formen sowie elegante und weiche Linie, die das d\u00e4nische Design aus dem 20 Jahrhundert stark pr\u00e4gen werden. Die d\u00e4nische M\u00f6belkunst von Finn Juhl beweist von hoher Bequemlichkeit und bester Handwerkstradition.[\/vc_column_text][\/vc_column][\/vc_row][vc_row][vc_column]\n<div class=\"wpcf7 no-js\" id=\"wpcf7-f12225-o1\" lang=\"fr-FR\" dir=\"ltr\" data-wpcf7-id=\"12225\">\n<div class=\"screen-reader-response\"><p role=\"status\" aria-live=\"polite\" aria-atomic=\"true\"><\/p> <ul><\/ul><\/div>\n<form action=\"\/de\/wp-json\/wp\/v2\/product\/12345#wpcf7-f12225-o1\" method=\"post\" class=\"wpcf7-form init\" aria-label=\"Formulaire de contact\" novalidate=\"novalidate\" data-status=\"init\">\n<fieldset class=\"hidden-fields-container\"><input type=\"hidden\" name=\"_wpcf7\" value=\"12225\" \/><input type=\"hidden\" name=\"_wpcf7_version\" value=\"6.1.5\" \/><input type=\"hidden\" name=\"_wpcf7_locale\" value=\"fr_FR\" \/><input type=\"hidden\" name=\"_wpcf7_unit_tag\" value=\"wpcf7-f12225-o1\" \/><input type=\"hidden\" name=\"_wpcf7_container_post\" value=\"0\" \/><input type=\"hidden\" name=\"_wpcf7_posted_data_hash\" value=\"\" \/><input type=\"hidden\" name=\"_wpcf7_recaptcha_response\" value=\"\" \/>\n<\/fieldset>\n\n<!-- CF7 Modules -->\n<div style='display:none;'><input type=\"hidden\" class=\"wpcf7-form-control wpcf7-hidden\" name=\"hidden-931\" placeholder=\"\" value=\"Finn Juhl | Diplomat Sessel| France &amp; Son\" \/>\n<\/div>\n<!-- End CF7 Modules -->\n\n<p><b>Kontaktieren Sie uns \u00fcber diesen Artikel<\/b>\n<\/p>\n<p>Ihre Name (Pflichtfeld)\n<\/p>\n<p><span class=\"wpcf7-form-control-wrap\" data-name=\"your-name\"><input size=\"40\" maxlength=\"400\" class=\"wpcf7-form-control wpcf7-text wpcf7-validates-as-required\" aria-required=\"true\" aria-invalid=\"false\" value=\"\" type=\"text\" name=\"your-name\" \/><\/span>\n<\/p>\n<p>Ihre Email (Pflichtfeld)\n<\/p>\n<p><span class=\"wpcf7-form-control-wrap\" data-name=\"your-email\"><input size=\"40\" maxlength=\"400\" class=\"wpcf7-form-control wpcf7-email wpcf7-validates-as-required wpcf7-text wpcf7-validates-as-email\" aria-required=\"true\" aria-invalid=\"false\" value=\"\" type=\"email\" name=\"your-email\" \/><\/span>\n<\/p>\n<p>Ihre Nachricht\n<\/p>\n<p><span class=\"wpcf7-form-control-wrap\" data-name=\"your-message\"><textarea cols=\"40\" rows=\"10\" maxlength=\"2000\" class=\"wpcf7-form-control wpcf7-textarea\" aria-invalid=\"false\" name=\"your-message\"><\/textarea><\/span>\n<\/p>\n<p>Die von Ihnen eingegebenen und mit diesem Formular gesendeten Daten werden gespeichert, aber werden nie verkauft oder an Dritte weitergegeben.\n<\/p>\n<p><span class=\"wpcf7-form-control-wrap\" data-name=\"checkbox-296\"><span class=\"wpcf7-form-control wpcf7-checkbox wpcf7-validates-as-required\"><span class=\"wpcf7-list-item first last\"><input type=\"checkbox\" name=\"checkbox-296[]\" value=\"Ich akzeptiere\" \/><span class=\"wpcf7-list-item-label\">Ich akzeptiere<\/span><\/span><\/span><\/span>\n<\/p>\n<p><input class=\"wpcf7-form-control wpcf7-submit has-spinner\" type=\"submit\" value=\"Senden\" \/>\n<\/p><div class=\"wpcf7-response-output\" aria-hidden=\"true\"><\/div>\n<\/form>\n<\/div>\n[\/vc_column][\/vc_row]<\/p>\n<\/div>","protected":false},"excerpt":{"rendered":"<p>Sessel mit Rahmen aus massivem Teakholz, Sitz mit Originalleder schwarz. Mit Plakette des Herstellers.<\/p>\n<p>Der Rahmen ist in sehr guten vintage Zustand mit einige Gebrauchsspuren. Das Originalleder ist\u00a0zum Teil leicht rissig und zerkratzt auf dem Sitz und zeigt Gebrauchsspuren auf dem R\u00fccken, es hat aber keine L\u00f6cher und ist noch sch\u00f6n weich und gesund.\u00a0Der\u00a0Gesamtzustand bleibt sehr gut.<\/p>\n<p>Gr\u00f6\u00dfe: 69 x 53 cm, H 82 cm, Sitzh\u00f6he\u00a044 cm.<\/p>\n","protected":false},"featured_media":12043,"comment_status":"closed","ping_status":"closed","template":"","meta":{"_monsterinsights_skip_tracking":false,"_monsterinsights_sitenote_active":false,"_monsterinsights_sitenote_note":"","_monsterinsights_sitenote_category":0},"product_brand":[],"product_cat":[255],"product_tag":[390,466,962,501],"class_list":{"0":"post-12345","1":"product","2":"type-product","3":"status-publish","4":"has-post-thumbnail","6":"product_cat-archiv-de","7":"product_tag-60er","8":"product_tag-daenisch-design","9":"product_tag-france-und-son","10":"product_tag-ikonisch-design","11":"pa_product-status-verkauft","13":"first","14":"outofstock","15":"taxable","16":"shipping-taxable","17":"product-type-simple"},"yoast_head":"<!-- This site is optimized with the Yoast SEO plugin v25.3.1 - https:\/\/yoast.com\/wordpress\/plugins\/seo\/ -->\n<title>Finn Juhl | Diplomat Sessel | France &amp; Son | Lausanne, Schweiz<\/title>\n<meta name=\"description\" content=\"Finn Juhl, vintage Diplomat Sessel, France &amp; Son. D\u00e4niches Design aus den 60er. Designklassiker. Kissthedesign, Lausanne, Schweiz, Designladen\" \/>\n<meta name=\"robots\" content=\"index, follow, max-snippet:-1, max-image-preview:large, max-video-preview:-1\" \/>\n<link rel=\"canonical\" href=\"https:\/\/www.kissthedesign.ch\/de\/produkt\/finn-juhl-sessel-diplomat-france-son\/\" \/>\n<meta property=\"og:locale\" content=\"de_DE\" \/>\n<meta property=\"og:type\" content=\"article\" \/>\n<meta property=\"og:title\" content=\"Finn Juhl | Diplomat Sessel | France &amp; Son | Lausanne, Schweiz\" \/>\n<meta property=\"og:description\" content=\"Finn Juhl, vintage Diplomat Sessel, France &amp; Son. D\u00e4niches Design aus den 60er. Designklassiker. Kissthedesign, Lausanne, Schweiz, Designladen\" \/>\n<meta property=\"og:url\" content=\"https:\/\/www.kissthedesign.ch\/de\/produkt\/finn-juhl-sessel-diplomat-france-son\/\" \/>\n<meta property=\"og:site_name\" content=\"kissthedesign\" \/>\n<meta property=\"article:modified_time\" content=\"2017-01-01T18:05:23+00:00\" \/>\n<meta property=\"og:image\" content=\"https:\/\/www.kissthedesign.ch\/wp\/wp-content\/uploads\/2016\/07\/diplomat-chair-finn-juhl-france-son.jpg\" \/>\n\t<meta property=\"og:image:width\" content=\"1000\" \/>\n\t<meta property=\"og:image:height\" content=\"658\" \/>\n\t<meta property=\"og:image:type\" content=\"image\/jpeg\" \/>\n<meta name=\"twitter:label1\" content=\"Gesch\u00e4tzte Lesezeit\" \/>\n\t<meta name=\"twitter:data1\" content=\"1\u00a0Minute\" \/>\n<script type=\"application\/ld+json\" class=\"yoast-schema-graph\">{\"@context\":\"https:\/\/schema.org\",\"@graph\":[{\"@type\":\"WebPage\",\"@id\":\"https:\/\/www.kissthedesign.ch\/de\/produkt\/finn-juhl-sessel-diplomat-france-son\/\",\"url\":\"https:\/\/www.kissthedesign.ch\/de\/produkt\/finn-juhl-sessel-diplomat-france-son\/\",\"name\":\"Finn Juhl | Diplomat Sessel | France & Son | Lausanne, Schweiz\",\"isPartOf\":{\"@id\":\"https:\/\/www.kissthedesign.ch\/en\/#website\"},\"primaryImageOfPage\":{\"@id\":\"https:\/\/www.kissthedesign.ch\/de\/produkt\/finn-juhl-sessel-diplomat-france-son\/#primaryimage\"},\"image\":{\"@id\":\"https:\/\/www.kissthedesign.ch\/de\/produkt\/finn-juhl-sessel-diplomat-france-son\/#primaryimage\"},\"thumbnailUrl\":\"https:\/\/www.kissthedesign.ch\/wp\/wp-content\/uploads\/2016\/07\/diplomat-chair-finn-juhl-france-son.jpg\",\"datePublished\":\"2016-07-13T09:09:46+00:00\",\"dateModified\":\"2017-01-01T18:05:23+00:00\",\"description\":\"Finn Juhl, vintage Diplomat Sessel, France & Son. D\u00e4niches Design aus den 60er. Designklassiker. Kissthedesign, Lausanne, Schweiz, Designladen\",\"breadcrumb\":{\"@id\":\"https:\/\/www.kissthedesign.ch\/de\/produkt\/finn-juhl-sessel-diplomat-france-son\/#breadcrumb\"},\"inLanguage\":\"de\",\"potentialAction\":[{\"@type\":\"ReadAction\",\"target\":[\"https:\/\/www.kissthedesign.ch\/de\/produkt\/finn-juhl-sessel-diplomat-france-son\/\"]}]},{\"@type\":\"ImageObject\",\"inLanguage\":\"de\",\"@id\":\"https:\/\/www.kissthedesign.ch\/de\/produkt\/finn-juhl-sessel-diplomat-france-son\/#primaryimage\",\"url\":\"https:\/\/www.kissthedesign.ch\/wp\/wp-content\/uploads\/2016\/07\/diplomat-chair-finn-juhl-france-son.jpg\",\"contentUrl\":\"https:\/\/www.kissthedesign.ch\/wp\/wp-content\/uploads\/2016\/07\/diplomat-chair-finn-juhl-france-son.jpg\",\"width\":1000,\"height\":658,\"caption\":\"Diplomat Sessel FD 901, Finn Juhl, France & Son\"},{\"@type\":\"BreadcrumbList\",\"@id\":\"https:\/\/www.kissthedesign.ch\/de\/produkt\/finn-juhl-sessel-diplomat-france-son\/#breadcrumb\",\"itemListElement\":[{\"@type\":\"ListItem\",\"position\":1,\"name\":\"Accueil\",\"item\":\"https:\/\/www.kissthedesign.ch\/de\/\"},{\"@type\":\"ListItem\",\"position\":2,\"name\":\"Laden\",\"item\":\"https:\/\/www.kissthedesign.ch\/de\/laden\/\"},{\"@type\":\"ListItem\",\"position\":3,\"name\":\"Finn Juhl | Diplomat Sessel| France &#038; Son\"}]},{\"@type\":\"WebSite\",\"@id\":\"https:\/\/www.kissthedesign.ch\/en\/#website\",\"url\":\"https:\/\/www.kissthedesign.ch\/en\/\",\"name\":\"kissthedesign\",\"description\":\"Kissthedesign, Lausanne, Suisse. Mobilier du XXe, design vintage\",\"publisher\":{\"@id\":\"https:\/\/www.kissthedesign.ch\/en\/#organization\"},\"potentialAction\":[{\"@type\":\"SearchAction\",\"target\":{\"@type\":\"EntryPoint\",\"urlTemplate\":\"https:\/\/www.kissthedesign.ch\/en\/?s={search_term_string}\"},\"query-input\":{\"@type\":\"PropertyValueSpecification\",\"valueRequired\":true,\"valueName\":\"search_term_string\"}}],\"inLanguage\":\"de\"},{\"@type\":\"Organization\",\"@id\":\"https:\/\/www.kissthedesign.ch\/en\/#organization\",\"name\":\"Kissthedesign\",\"url\":\"https:\/\/www.kissthedesign.ch\/en\/\",\"logo\":{\"@type\":\"ImageObject\",\"inLanguage\":\"de\",\"@id\":\"https:\/\/www.kissthedesign.ch\/en\/#\/schema\/logo\/image\/\",\"url\":\"https:\/\/www.kissthedesign.ch\/wp\/wp-content\/uploads\/2016\/08\/ktd-logo-web.jpg\",\"contentUrl\":\"https:\/\/www.kissthedesign.ch\/wp\/wp-content\/uploads\/2016\/08\/ktd-logo-web.jpg\",\"width\":450,\"height\":167,\"caption\":\"Kissthedesign\"},\"image\":{\"@id\":\"https:\/\/www.kissthedesign.ch\/en\/#\/schema\/logo\/image\/\"}}]}<\/script>\n<!-- \/ Yoast SEO plugin. -->","yoast_head_json":{"title":"Finn Juhl | Diplomat Sessel | France & Son | Lausanne, Schweiz","description":"Finn Juhl, vintage Diplomat Sessel, France & Son. D\u00e4niches Design aus den 60er. Designklassiker. Kissthedesign, Lausanne, Schweiz, Designladen","robots":{"index":"index","follow":"follow","max-snippet":"max-snippet:-1","max-image-preview":"max-image-preview:large","max-video-preview":"max-video-preview:-1"},"canonical":"https:\/\/www.kissthedesign.ch\/de\/produkt\/finn-juhl-sessel-diplomat-france-son\/","og_locale":"de_DE","og_type":"article","og_title":"Finn Juhl | Diplomat Sessel | France & Son | Lausanne, Schweiz","og_description":"Finn Juhl, vintage Diplomat Sessel, France & Son. D\u00e4niches Design aus den 60er. Designklassiker. Kissthedesign, Lausanne, Schweiz, Designladen","og_url":"https:\/\/www.kissthedesign.ch\/de\/produkt\/finn-juhl-sessel-diplomat-france-son\/","og_site_name":"kissthedesign","article_modified_time":"2017-01-01T18:05:23+00:00","og_image":[{"width":1000,"height":658,"url":"https:\/\/www.kissthedesign.ch\/wp\/wp-content\/uploads\/2016\/07\/diplomat-chair-finn-juhl-france-son.jpg","type":"image\/jpeg"}],"twitter_misc":{"Gesch\u00e4tzte Lesezeit":"1\u00a0Minute"},"schema":{"@context":"https:\/\/schema.org","@graph":[{"@type":"WebPage","@id":"https:\/\/www.kissthedesign.ch\/de\/produkt\/finn-juhl-sessel-diplomat-france-son\/","url":"https:\/\/www.kissthedesign.ch\/de\/produkt\/finn-juhl-sessel-diplomat-france-son\/","name":"Finn Juhl | Diplomat Sessel | France & Son | Lausanne, Schweiz","isPartOf":{"@id":"https:\/\/www.kissthedesign.ch\/en\/#website"},"primaryImageOfPage":{"@id":"https:\/\/www.kissthedesign.ch\/de\/produkt\/finn-juhl-sessel-diplomat-france-son\/#primaryimage"},"image":{"@id":"https:\/\/www.kissthedesign.ch\/de\/produkt\/finn-juhl-sessel-diplomat-france-son\/#primaryimage"},"thumbnailUrl":"https:\/\/www.kissthedesign.ch\/wp\/wp-content\/uploads\/2016\/07\/diplomat-chair-finn-juhl-france-son.jpg","datePublished":"2016-07-13T09:09:46+00:00","dateModified":"2017-01-01T18:05:23+00:00","description":"Finn Juhl, vintage Diplomat Sessel, France & Son. D\u00e4niches Design aus den 60er. Designklassiker. Kissthedesign, Lausanne, Schweiz, Designladen","breadcrumb":{"@id":"https:\/\/www.kissthedesign.ch\/de\/produkt\/finn-juhl-sessel-diplomat-france-son\/#breadcrumb"},"inLanguage":"de","potentialAction":[{"@type":"ReadAction","target":["https:\/\/www.kissthedesign.ch\/de\/produkt\/finn-juhl-sessel-diplomat-france-son\/"]}]},{"@type":"ImageObject","inLanguage":"de","@id":"https:\/\/www.kissthedesign.ch\/de\/produkt\/finn-juhl-sessel-diplomat-france-son\/#primaryimage","url":"https:\/\/www.kissthedesign.ch\/wp\/wp-content\/uploads\/2016\/07\/diplomat-chair-finn-juhl-france-son.jpg","contentUrl":"https:\/\/www.kissthedesign.ch\/wp\/wp-content\/uploads\/2016\/07\/diplomat-chair-finn-juhl-france-son.jpg","width":1000,"height":658,"caption":"Diplomat Sessel FD 901, Finn Juhl, France & Son"},{"@type":"BreadcrumbList","@id":"https:\/\/www.kissthedesign.ch\/de\/produkt\/finn-juhl-sessel-diplomat-france-son\/#breadcrumb","itemListElement":[{"@type":"ListItem","position":1,"name":"Accueil","item":"https:\/\/www.kissthedesign.ch\/de\/"},{"@type":"ListItem","position":2,"name":"Laden","item":"https:\/\/www.kissthedesign.ch\/de\/laden\/"},{"@type":"ListItem","position":3,"name":"Finn Juhl | Diplomat Sessel| France &#038; Son"}]},{"@type":"WebSite","@id":"https:\/\/www.kissthedesign.ch\/en\/#website","url":"https:\/\/www.kissthedesign.ch\/en\/","name":"kissthedesign","description":"Kissthedesign, Lausanne, Suisse. Mobilier du XXe, design vintage","publisher":{"@id":"https:\/\/www.kissthedesign.ch\/en\/#organization"},"potentialAction":[{"@type":"SearchAction","target":{"@type":"EntryPoint","urlTemplate":"https:\/\/www.kissthedesign.ch\/en\/?s={search_term_string}"},"query-input":{"@type":"PropertyValueSpecification","valueRequired":true,"valueName":"search_term_string"}}],"inLanguage":"de"},{"@type":"Organization","@id":"https:\/\/www.kissthedesign.ch\/en\/#organization","name":"Kissthedesign","url":"https:\/\/www.kissthedesign.ch\/en\/","logo":{"@type":"ImageObject","inLanguage":"de","@id":"https:\/\/www.kissthedesign.ch\/en\/#\/schema\/logo\/image\/","url":"https:\/\/www.kissthedesign.ch\/wp\/wp-content\/uploads\/2016\/08\/ktd-logo-web.jpg","contentUrl":"https:\/\/www.kissthedesign.ch\/wp\/wp-content\/uploads\/2016\/08\/ktd-logo-web.jpg","width":450,"height":167,"caption":"Kissthedesign"},"image":{"@id":"https:\/\/www.kissthedesign.ch\/en\/#\/schema\/logo\/image\/"}}]}},"_links":{"self":[{"href":"https:\/\/www.kissthedesign.ch\/de\/wp-json\/wp\/v2\/product\/12345","targetHints":{"allow":["GET"]}}],"collection":[{"href":"https:\/\/www.kissthedesign.ch\/de\/wp-json\/wp\/v2\/product"}],"about":[{"href":"https:\/\/www.kissthedesign.ch\/de\/wp-json\/wp\/v2\/types\/product"}],"replies":[{"embeddable":true,"href":"https:\/\/www.kissthedesign.ch\/de\/wp-json\/wp\/v2\/comments?post=12345"}],"wp:featuredmedia":[{"embeddable":true,"href":"https:\/\/www.kissthedesign.ch\/de\/wp-json\/wp\/v2\/media\/12043"}],"wp:attachment":[{"href":"https:\/\/www.kissthedesign.ch\/de\/wp-json\/wp\/v2\/media?parent=12345"}],"wp:term":[{"taxonomy":"product_brand","embeddable":true,"href":"https:\/\/www.kissthedesign.ch\/de\/wp-json\/wp\/v2\/product_brand?post=12345"},{"taxonomy":"product_cat","embeddable":true,"href":"https:\/\/www.kissthedesign.ch\/de\/wp-json\/wp\/v2\/product_cat?post=12345"},{"taxonomy":"product_tag","embeddable":true,"href":"https:\/\/www.kissthedesign.ch\/de\/wp-json\/wp\/v2\/product_tag?post=12345"}],"curies":[{"name":"wp","href":"https:\/\/api.w.org\/{rel}","templated":true}]}}